{"id":1025,"date":"2021-02-24T17:45:36","date_gmt":"2021-02-24T17:45:36","guid":{"rendered":"https:\/\/innovacioncomercio.org\/?page_id=1025"},"modified":"2021-05-04T14:02:43","modified_gmt":"2021-05-04T14:02:43","slug":"presentacion","status":"publish","type":"page","link":"https:\/\/innovacioncomercio.org\/index.php\/presentacion\/","title":{"rendered":"Presentaci\u00f3n"},"content":{"rendered":"<div class=\"wpb-content-wrapper\">[vc_row][vc_column][vc_custom_heading text=&#8221;PRESENTACI\u00d3N&#8221; font_container=&#8221;tag:h2|text_align:left|color:%23638b8c|line_height:1.25&#8243; google_fonts=&#8221;font_family:Montserrat%3Aregular%2C700|font_style:700%20bold%20regular%3A700%3Anormal&#8221;][vc_column_text]La C\u00e1tedra, ubicada en la Facultad de Comercio de la Universidad de Valladolid, se crea con el objetivo de\u00a0 impulsar la atenci\u00f3n, el estudio y la investigaci\u00f3n cient\u00edfica acerca de la Innovaci\u00f3n en el Comercio, su manifestaciones en el plano nacional, comunitario e internacional, as\u00ed como la importancia de las funciones de la Universidad como recopilador, guardi\u00e1n y transmisor\u00a0 de los logros y experiencias de los diferentes agentes p\u00fablicos y privados, en el \u00e1mbito de la innovaci\u00f3n en el comercio, de forma indefinida y accesible en el tiempo.<\/p>\n<p>La C\u00e1tedra pretende ser un referente de innovaci\u00f3n en el sector del comercio, con el seguimiento de tendencias, aplicaciones, estudios de consumo tanto para apoyar decisiones estrat\u00e9gicas en las empresas del sector, como para integrar este conocimiento con el \u00e1mbito acad\u00e9mico.<\/p>\n<p>La C\u00e1tedra aplicar\u00e1 sus esfuerzos prioritariamente a la creaci\u00f3n de grupos multidisciplinares para el desarrollo de proyectos de innovaci\u00f3n en el comercio con proyecci\u00f3n internacional y el incremento de la aplicaci\u00f3n pr\u00e1ctica de los proyectos de investigaci\u00f3n realizados.<\/p>\n<p>La C\u00e1tedra de Innovaci\u00f3n para el comercio realizar\u00e1 entre otras las siguientes actividades:[\/vc_column_text]<div class=\"mpc-carousel__wrapper mpc-waypoint\"><div id=\"mpc_carousel_testimonial-6869f45ee081464\" class=\"mpc-carousel-testimonial mpc-init mpc-carousel--gap mpc-align-items \"  data-mpcslick='{\"infinite\":true,\"autoplay\":true,\"slidesToShow\":1,\"slidesToScroll\":1,\"centerMode\":false,\"initialSlide\":0,\"autoplaySpeed\":4500}' data-slick-cols=\"1\"><div data-id=\"mpc_testimonial-5369f45ee0814de\" class=\"mpc-testimonial mpc-init mpc-transition mpc-testimonial--style_2 \" ><div class=\" mpc-testimonial__thumbnail\"><\/div><div class=\"mpc-testimonial__content mpc-typography--mpc_preset_47\"><div class=\"mpc-testimonial__description\"><p>Desarrollo de proyectos de investigaci\u00f3n sobre distintos aspectos referentes a la actividad comercial.<\/p>\n<\/div><div class=\"mpc-testimonial__signature mpc-typography--mpc_preset_20\"><span><\/span><\/div><\/div><\/div><div data-id=\"mpc_testimonial-5769f45ee081549\" class=\"mpc-testimonial mpc-init mpc-transition mpc-testimonial--style_2 \" ><div class=\" mpc-testimonial__thumbnail\"><\/div><div class=\"mpc-testimonial__content mpc-typography--mpc_preset_47\"><div class=\"mpc-testimonial__description\"><p>En \u00faltima instancia, todo el conocimiento generado se tangibilizar\u00e1 en nuevos planes formativos espec\u00edficos, que conseguir\u00e1n alumnos mejor formados en el \u00e1mbito empresarial.<\/p>\n<\/div><div class=\"mpc-testimonial__signature mpc-typography--mpc_preset_20\"><span><\/span><\/div><\/div><\/div><div data-id=\"mpc_testimonial-2969f45ee081585\" class=\"mpc-testimonial mpc-init mpc-transition mpc-testimonial--style_2 \" ><div class=\" mpc-testimonial__thumbnail\"><\/div><div class=\"mpc-testimonial__content mpc-typography--mpc_preset_47\"><div class=\"mpc-testimonial__description\"><p>Diagn\u00f3stico continuo de la situaci\u00f3n y evoluci\u00f3n del sector comercio y crear un observatorio que analice la evoluci\u00f3n del sector.<\/p>\n<\/div><div class=\"mpc-testimonial__signature mpc-typography--mpc_preset_20\"><span><\/span><\/div><\/div><\/div><div data-id=\"mpc_testimonial-8769f45ee0815b9\" class=\"mpc-testimonial mpc-init mpc-transition mpc-testimonial--style_2 \" ><div class=\" mpc-testimonial__thumbnail\"><\/div><div class=\"mpc-testimonial__content mpc-typography--mpc_preset_47\"><div class=\"mpc-testimonial__description\"><p>Impulsar el desarrollo de proyectos de innovaci\u00f3n en el comercio con base cient\u00edfica, que genere conocimiento para su aplicaci\u00f3n pr\u00e1ctica en el comercio en general.<\/p>\n<\/div><div class=\"mpc-testimonial__signature mpc-typography--mpc_preset_20\"><span><\/span><\/div><\/div><\/div><div data-id=\"mpc_testimonial-4069f45ee0815ea\" class=\"mpc-testimonial mpc-init mpc-transition mpc-testimonial--style_2 \" ><div class=\" mpc-testimonial__thumbnail\"><\/div><div class=\"mpc-testimonial__content mpc-typography--mpc_preset_47\"><div class=\"mpc-testimonial__description\"><p>Acercar el conocimiento obtenido para la formaci\u00f3n de estudiantes y profesorado de titulaciones afines al comercio.<\/p>\n<\/div><div class=\"mpc-testimonial__signature mpc-typography--mpc_preset_20\"><span><\/span><\/div><\/div><\/div><div data-id=\"mpc_testimonial-10069f45ee08161c\" class=\"mpc-testimonial mpc-init mpc-transition mpc-testimonial--style_2 \" ><div class=\" mpc-testimonial__thumbnail\"><\/div><div class=\"mpc-testimonial__content mpc-typography--mpc_preset_47\"><div class=\"mpc-testimonial__description\"><p>Fomentar la transmisi\u00f3n de experiencias en materia de innovaci\u00f3n en el comercio a los organismos p\u00fablicos y privados para el enriquecimiento desde la Universidad a la sociedad en general, creando y desarrollando un fondo documental completo y ordenado que pueda ser objeto de estudio y consulta por interesados en las materias y campos de actuaci\u00f3n.<\/p>\n<\/div><div class=\"mpc-testimonial__signature mpc-typography--mpc_preset_20\"><span><\/span><\/div><\/div><\/div><div data-id=\"mpc_testimonial-6869f45ee08164d\" class=\"mpc-testimonial mpc-init mpc-transition mpc-testimonial--style_2 \" ><div class=\" mpc-testimonial__thumbnail\"><\/div><div class=\"mpc-testimonial__content mpc-typography--mpc_preset_47\"><div class=\"mpc-testimonial__description\"><p>Fomentar la investigaci\u00f3n del comercio, como fen\u00f3meno de uni\u00f3n de culturas, acercamiento de pa\u00edses e impulsor de cambios en la sociedad.<\/p>\n<\/div><div class=\"mpc-testimonial__signature mpc-typography--mpc_preset_20\"><span><\/span><\/div><\/div><\/div><div data-id=\"mpc_testimonial-3969f45ee08167b\" class=\"mpc-testimonial mpc-init mpc-transition mpc-testimonial--style_2 \" ><div class=\" mpc-testimonial__thumbnail\"><\/div><div class=\"mpc-testimonial__content mpc-typography--mpc_preset_47\"><div class=\"mpc-testimonial__description\"><p>Promover el intercambio de experiencias y su acercamiento al mundo universitario, as\u00ed como la creaci\u00f3n de grupos de di\u00e1logo con participaci\u00f3n institucional tanto a nivel nacional como internacional, sobre la innovaci\u00f3n en el comercio.<\/p>\n<\/div><div class=\"mpc-testimonial__signature mpc-typography--mpc_preset_20\"><span><\/span><\/div><\/div><\/div><div data-id=\"mpc_testimonial-2169f45ee0816ab\" class=\"mpc-testimonial mpc-init mpc-transition mpc-testimonial--style_2 \" ><div class=\" mpc-testimonial__thumbnail\"><\/div><div class=\"mpc-testimonial__content mpc-typography--mpc_preset_47\"><div class=\"mpc-testimonial__description\"><p>Promover la creaci\u00f3n de grupos multidisciplinares para la elaboraci\u00f3n de proyectos de fin de grado con una visi\u00f3n de innovaci\u00f3n en el comercio y el incremento de la viabilidad de su implantaci\u00f3n como actividad empresarial.<\/p>\n<\/div><div class=\"mpc-testimonial__signature mpc-typography--mpc_preset_20\"><span><\/span><\/div><\/div><\/div><div data-id=\"mpc_testimonial-6469f45ee0816db\" class=\"mpc-testimonial mpc-init mpc-transition mpc-testimonial--style_2 \" ><div class=\" mpc-testimonial__thumbnail\"><\/div><div class=\"mpc-testimonial__content mpc-typography--mpc_preset_47\"><div class=\"mpc-testimonial__description\"><p>Organizar y participar en jornadas, foros, congresos y reuniones, de car\u00e1cter regional, nacional e internacional en torno a estas materias.<\/p>\n<\/div><div class=\"mpc-testimonial__signature mpc-typography--mpc_preset_20\"><span><\/span><\/div><\/div><\/div><div data-id=\"mpc_testimonial-4369f45ee081708\" class=\"mpc-testimonial mpc-init mpc-transition mpc-testimonial--style_2 \" ><div class=\" mpc-testimonial__thumbnail\"><\/div><div class=\"mpc-testimonial__content mpc-typography--mpc_preset_47\"><div class=\"mpc-testimonial__description\"><p>Atender a la proyecci\u00f3n internacional de la C\u00e1tedra a trav\u00e9s de organismos multilaterales y creaci\u00f3n de una red de alianzas <em>win-win<\/em> con Universidades a nivel nacional e internacional.<\/p>\n<\/div><div class=\"mpc-testimonial__signature mpc-typography--mpc_preset_20\"><span><\/span><\/div><\/div><\/div><div data-id=\"mpc_testimonial-8869f45ee081738\" class=\"mpc-testimonial mpc-init mpc-transition mpc-testimonial--style_2 \" ><div class=\" mpc-testimonial__thumbnail\"><\/div><div class=\"mpc-testimonial__content mpc-typography--mpc_preset_47\"><div class=\"mpc-testimonial__description\"><p>Dinamizar la C\u00e1tedra para que forme parte de proyectos con una viabilidad econ\u00f3mica buscando su autofinanciaci\u00f3n.<\/p>\n<\/div><div class=\"mpc-testimonial__signature mpc-typography--mpc_preset_20\"><span><\/span><\/div><\/div><\/div><div data-id=\"mpc_testimonial-369f45ee081765\" class=\"mpc-testimonial mpc-init mpc-transition mpc-testimonial--style_2 \" ><div class=\" mpc-testimonial__thumbnail\"><\/div><div class=\"mpc-testimonial__content mpc-typography--mpc_preset_47\"><div class=\"mpc-testimonial__description\"><p>Constituirse en un organismo de apoyo para incrementar la transmisi\u00f3n de conocimiento entre la Universidad y la empresa.<\/p>\n<\/div><div class=\"mpc-testimonial__signature mpc-typography--mpc_preset_20\"><span><\/span><\/div><\/div><\/div><div data-id=\"mpc_testimonial-9469f45ee081792\" class=\"mpc-testimonial mpc-init mpc-transition mpc-testimonial--style_2 \" ><div class=\" mpc-testimonial__thumbnail\"><\/div><div class=\"mpc-testimonial__content mpc-typography--mpc_preset_47\"><div class=\"mpc-testimonial__description\"><p>Favorecer la inclusi\u00f3n social y la igualdad de g\u00e9neros.<\/p>\n<\/div><div class=\"mpc-testimonial__signature mpc-typography--mpc_preset_20\"><span><\/span><\/div><\/div><\/div><\/div><div class=\"mpc-navigation mpc-init mpc-align--left mpc-navigation--style_6  mpc-nav-preset--mpc_preset_11\" data-mpcslider=\"mpc_carousel_testimonial-6869f45ee081464\"><div class=\"mpc-nav__arrow mpcslick-prev\"><div class=\"mpc-nav__icon mpc-transition\"><i class=\" eti eti_arrow_carrot-left\"><div class=\"mpc-nav__background mpc-transition mpc-effect-type--fade mpc-effect-side--in\"><\/div><\/i><\/div><\/div><\/div><div class=\"mpc-navigation mpc-init mpc-align--left mpc-navigation--style_6  mpc-nav-preset--mpc_preset_11\" data-mpcslider=\"mpc_carousel_testimonial-6869f45ee081464\"><div class=\"mpc-nav__arrow mpcslick-next\"><div class=\"mpc-nav__icon mpc-transition\"><i class=\" eti eti_arrow_carrot-right\"><div class=\"mpc-nav__background mpc-transition mpc-effect-type--fade mpc-effect-side--in\"><\/div><\/i><\/div><\/div><\/div><\/div>[\/vc_column][\/vc_row][vc_row disable_element=&#8221;yes&#8221;][vc_column][vc_custom_heading text=&#8221;COMISI\u00d3N MIXTA&#8221; font_container=&#8221;tag:h2|text_align:left|color:%23638b8c|line_height:1.25&#8243; google_fonts=&#8221;font_family:Montserrat%3Aregular%2C700|font_style:400%20regular%3A400%3Anormal&#8221;][\/vc_column][\/vc_row][vc_row disable_element=&#8221;yes&#8221;][vc_column width=&#8221;1\/2&#8243;][vc_column_text]\n<ul>\n<li>MARTA INGELMO PALOMARES (Directora Acad\u00e9mica. Facultad de Comercio UVa)<\/li>\n<li>CLARA DE PEDRO GARABITO (Facultad de Comercio UVa)<\/li>\n<li>ANA BEDATE CENTENO (Facultad de Comercio UVa)<\/li>\n<li>JOS\u00c9 ANTONIO SALVADOR INS\u00daA (Facultad de Comercio UVa)<\/li>\n<li>PEDRO BRIZUELA CARRI\u00d3N (Proyecta)<\/li>\n<li>ELENA MART\u00cdN GUERRA (Sociograph)<\/li>\n<li>LUIS DEL HOYO G\u00d3MEZ (Junta de Castilla y Le\u00f3n)<\/li>\n<\/ul>\n[\/vc_column_text][\/vc_column][vc_column width=&#8221;1\/2&#8243;][vc_single_image image=&#8221;6&#8243; img_size=&#8221;large&#8221; alignment=&#8221;center&#8221;][\/vc_column][\/vc_row][vc_row disable_element=&#8221;yes&#8221;][vc_column][vc_custom_heading text=&#8221;COMIT\u00c9 DE EXPERTOS&#8221; font_container=&#8221;tag:h2|text_align:left|color:%23638b8c|line_height:1.25&#8243; google_fonts=&#8221;font_family:Montserrat%3Aregular%2C700|font_style:400%20regular%3A400%3Anormal&#8221;][vc_column_text]La C\u00e1tedra cuenta con un Comit\u00e9 de expertos que se re\u00fane peri\u00f3dicamente con el objetivo de identificar tendencias del sector y realizar diagn\u00f3sticos de la situaci\u00f3n. El Comit\u00e9 presenta nuevos proyectos con car\u00e1cter innovador en el comercio tanto a futuro como ya realizados para dar un impulso al sector. Los miembros del Comit\u00e9 est\u00e1n especializados en las siguientes \u00e1reas de inter\u00e9s del sector comercio:[\/vc_column_text][\/vc_column][\/vc_row][vc_row disable_element=&#8221;yes&#8221;][vc_column width=&#8221;1\/2&#8243; animation_in_type=&#8221;transition.perspectiveLeftIn&#8221; animation_in_offset=&#8221;80&#8243; animation_in_duration=&#8221;1800&#8243; animation_in_delay=&#8221;100&#8243; offset=&#8221;vc_col-md-3&#8243;]<div data-id=\"mpc_icon_column-7369f45ee081921\" class=\"mpc-icon-column mpc-init mpc-parent-hover mpc-transition mpc-icon-column--style_1 mpc-align--center \" ><div data-id=\"mpc_icon-8569f45ee08193f\" class=\"mpc-icon mpc-init mpc-transition mpc-effect-none mpc-icon-hover \"><div class=\"mpc-icon-wrap\"><i class=\"mpc-icon-part mpc-regular mpc-transition  eti eti_easel\"><\/i><i class=\"mpc-icon-part mpc-hover mpc-transition  eti eti_easel\"><\/i><\/div><\/div><div class=\"mpc-icon-column__content-wrap\"><div class=\"mpc-icon-column__content\"><h3 class=\"mpc-icon-column__heading mpc-typography--mpc_preset_52 mpc-transition\">Big Data<\/h3><\/div><\/div><\/div>[\/vc_column][vc_column width=&#8221;1\/2&#8243; animation_in_type=&#8221;transition.perspectiveLeftIn&#8221; animation_in_offset=&#8221;80&#8243; animation_in_duration=&#8221;1800&#8243; animation_in_delay=&#8221;200&#8243; offset=&#8221;vc_col-md-3&#8243;]<div data-id=\"mpc_icon_column-3769f45ee081980\" class=\"mpc-icon-column mpc-init mpc-parent-hover mpc-transition mpc-icon-column--style_1 mpc-align--center \" ><div data-id=\"mpc_icon-469f45ee081993\" class=\"mpc-icon mpc-init mpc-transition mpc-effect-none mpc-icon-hover \"><div class=\"mpc-icon-wrap\"><i class=\"mpc-icon-part mpc-regular mpc-transition  eti eti_building_alt\"><\/i><i class=\"mpc-icon-part mpc-hover mpc-transition  eti eti_building_alt\"><\/i><\/div><\/div><div class=\"mpc-icon-column__content-wrap\"><div class=\"mpc-icon-column__content\"><h3 class=\"mpc-icon-column__heading mpc-typography--mpc_preset_52 mpc-transition\">Smart Cities<\/h3><\/div><\/div><\/div>[\/vc_column][vc_column width=&#8221;1\/2&#8243; animation_in_type=&#8221;transition.perspectiveLeftIn&#8221; animation_in_offset=&#8221;80&#8243; animation_in_duration=&#8221;1800&#8243; animation_in_delay=&#8221;300&#8243; offset=&#8221;vc_col-md-3&#8243;]<div data-id=\"mpc_icon_column-4869f45ee0819c7\" class=\"mpc-icon-column mpc-init mpc-parent-hover mpc-transition mpc-icon-column--style_1 mpc-align--center \" ><div data-id=\"mpc_icon-7269f45ee0819d6\" class=\"mpc-icon mpc-init mpc-transition mpc-effect-none mpc-icon-hover \"><div class=\"mpc-icon-wrap\"><i class=\"mpc-icon-part mpc-regular mpc-transition  eti eti_group\"><\/i><i class=\"mpc-icon-part mpc-hover mpc-transition  eti eti_group\"><\/i><\/div><\/div><div class=\"mpc-icon-column__content-wrap\"><div class=\"mpc-icon-column__content\"><h3 class=\"mpc-icon-column__heading mpc-typography--mpc_preset_52 mpc-transition\">Comportamiento del consumidor<\/h3><\/div><\/div><\/div>[\/vc_column][vc_column width=&#8221;1\/2&#8243; animation_in_type=&#8221;transition.perspectiveLeftIn&#8221; animation_in_offset=&#8221;80&#8243; animation_in_duration=&#8221;1800&#8243; animation_in_delay=&#8221;400&#8243; offset=&#8221;vc_col-md-3&#8243;]<div data-id=\"mpc_icon_column-7869f45ee081a06\" class=\"mpc-icon-column mpc-init mpc-parent-hover mpc-transition mpc-icon-column--style_1 mpc-align--center \" ><div data-id=\"mpc_icon-6769f45ee081a14\" class=\"mpc-icon mpc-init mpc-transition mpc-effect-none mpc-icon-hover \"><div class=\"mpc-icon-wrap\"><i class=\"mpc-icon-part mpc-regular mpc-transition  eti eti_tags_alt\"><\/i><i class=\"mpc-icon-part mpc-hover mpc-transition  eti eti_tags_alt\"><\/i><\/div><\/div><div class=\"mpc-icon-column__content-wrap\"><div class=\"mpc-icon-column__content\"><h3 class=\"mpc-icon-column__heading mpc-typography--mpc_preset_52 mpc-transition\">Marketing<\/h3><\/div><\/div><\/div>[\/vc_column][\/vc_row][vc_row disable_element=&#8221;yes&#8221;][vc_column][vc_custom_heading text=&#8221;MIEMBROS&#8221; font_container=&#8221;tag:h3|text_align:left|color:%23638b8c|line_height:1.25&#8243; google_fonts=&#8221;font_family:Montserrat%3Aregular%2C700|font_style:400%20regular%3A400%3Anormal&#8221;][\/vc_column][vc_column width=&#8221;1\/2&#8243;][vc_column_text]\n<ul>\n<li>JOS\u00c9 RAM\u00d3N ABAD RODR\u00cdGUEZ (Director Regional de Leroy Merlin)<\/li>\n<li>FRANCISCO ASENSI VIANA (Chief Content &amp; Business Innovation de Tarkinia)<\/li>\n<li>ANA BEDATE CENTENO (Investigadora UVa)<\/li>\n<li>PEDRO BRIZUELA CARRI\u00d3N (CEO de Proyecta)<\/li>\n<li>IGNACIO CASTELLOTE FL\u00d3REZ (Director Regional de El Corte Ingl\u00e9s Castilla y Le\u00f3n)<\/li>\n<li>ROSARIO CH\u00c1VEZ MU\u00d1OZ (Concejala de Innovaci\u00f3n, Desarrollo Econ\u00f3mico, Empleo y Comercio del Ayuntamiento de Valladolid)<\/li>\n<li>ANA CUESTA DE LAS MORAS (Direcci\u00f3n General de Comercio y Consumo de la Junta de Castilla y Le\u00f3n)<\/li>\n<li>JAIME CURIEL FERN\u00c1NDEZ (Gerente de Solera y Arte)<\/li>\n<li>GABRIEL GARC\u00cdA APARICIO (Director Regional de Carrefour Castilla y Le\u00f3n)<\/li>\n<li>ANA GARC\u00cdA BLANCO (Business Intelligence Manager de Ikea Ib\u00e9rica)<\/li>\n<\/ul>\n[\/vc_column_text][\/vc_column][vc_column width=&#8221;1\/2&#8243;][vc_column_text]\n<ul>\n<li>ALEJANDRO GARC\u00cdA PELLITERO (Presidente de AVADECO)<\/li>\n<li>JES\u00daS HERN\u00c1NDEZ ESTEBAN (Subdirector del Centro Comercial La Vaguada en Madrid)<\/li>\n<li>JES\u00daS HERRERAS REVUELTA (Presidente de FECOSVA)<\/li>\n<li>LUIS DEL HOYO G\u00d3MEZ (Director General de Comercio y Consumo de la Junta de Castilla y Le\u00f3n)<\/li>\n<li>MARTA INGELMO PALOMARES (Investigadora UVa)<\/li>\n<li>JAVIER LABARGA VACA (Vicepresidente de la C\u00e1mara Oficial de Comercio, Industria y Servicios de Valladolid)<\/li>\n<li>ELENA MART\u00cdN GUERRA (COO de la Consultora de Marketing Science Sociograph)<\/li>\n<li>CLARA DE PEDRO GARABITO (Investigadora UVa)<\/li>\n<li>LUCILA RICO ROCA (Market Research and Custo de Tendam)<\/li>\n<li>JOS\u00c9 ANTONIO SALVADOR INS\u00daA (Investigador UVa)<\/li>\n<\/ul>\n[\/vc_column_text][\/vc_column][\/vc_row]\n<\/div>","protected":false},"excerpt":{"rendered":"[vc_row][vc_column][vc_custom_heading text=&#8221;PRESENTACI\u00d3N&#8221; font_container=&#8221;tag:h2|text_align:left|color:%23638b8c|line_height:1.25&#8243; google_fonts=&#8221;font_family:Montserrat%3Aregular%2C700|font_style:700%20bold%20regular%3A700%3Anormal&#8221;][vc_column_text]La C\u00e1tedra, ubicada en la Facultad de Comercio de la Universidad de Valladolid, se crea con el objetivo de\u00a0 impulsar la atenci\u00f3n, el estudio y la investigaci\u00f3n cient\u00edfica acerca de la Innovaci\u00f3n en el Comercio, su manifestaciones en el plano nacional, comunitario e internacional, as\u00ed como la importancia de las funciones de<\/p>\n","protected":false},"author":1,"featured_media":0,"parent":0,"menu_order":0,"comment_status":"closed","ping_status":"closed","template":"","meta":{"_bbp_topic_count":0,"_bbp_reply_count":0,"_bbp_total_topic_count":0,"_bbp_total_reply_count":0,"_bbp_voice_count":0,"_bbp_anonymous_reply_count":0,"_bbp_topic_count_hidden":0,"_bbp_reply_count_hidden":0,"_bbp_forum_subforum_count":0,"content-type":"","footnotes":""},"class_list":["post-1025","page","type-page","status-publish","hentry"],"yoast_head":"<!-- This site is optimized with the Yoast SEO Premium plugin v19.2.1 (Yoast SEO v27.5) - https:\/\/yoast.com\/product\/yoast-seo-premium-wordpress\/ -->\n<title>Presentaci\u00f3n - INNOVACION COMERCIO<\/title>\n<meta name=\"robots\" content=\"index, follow, max-snippet:-1, max-image-preview:large, max-video-preview:-1\" \/>\n<link rel=\"canonical\" href=\"https:\/\/innovacioncomercio.org\/index.php\/presentacion\/\" \/>\n<meta property=\"og:locale\" content=\"es_ES\" \/>\n<meta property=\"og:type\" content=\"article\" \/>\n<meta property=\"og:title\" content=\"Presentaci\u00f3n\" \/>\n<meta property=\"og:description\" content=\"[vc_row][vc_column][vc_custom_heading text=&#8221;PRESENTACI\u00d3N&#8221; font_container=&#8221;tag:h2|text_align:left|color:%23638b8c|line_height:1.25&#8243; google_fonts=&#8221;font_family:Montserrat%3Aregular%2C700|font_style:700%20bold%20regular%3A700%3Anormal&#8221;][vc_column_text]La C\u00e1tedra, ubicada en la Facultad de Comercio de la Universidad de Valladolid, se crea con el objetivo de\u00a0 impulsar la atenci\u00f3n, el estudio y la investigaci\u00f3n cient\u00edfica acerca de la Innovaci\u00f3n en el Comercio, su manifestaciones en el plano nacional, comunitario e internacional, as\u00ed como la importancia de las funciones de\" \/>\n<meta property=\"og:url\" content=\"https:\/\/innovacioncomercio.org\/index.php\/presentacion\/\" \/>\n<meta property=\"og:site_name\" content=\"INNOVACION COMERCIO\" \/>\n<meta property=\"article:modified_time\" content=\"2021-05-04T14:02:43+00:00\" \/>\n<meta name=\"twitter:card\" content=\"summary_large_image\" \/>\n<meta name=\"twitter:label1\" content=\"Tiempo de lectura\" \/>\n\t<meta name=\"twitter:data1\" content=\"17 minutos\" \/>\n<script type=\"application\/ld+json\" class=\"yoast-schema-graph\">{\"@context\":\"https:\\\/\\\/schema.org\",\"@graph\":[{\"@type\":\"WebPage\",\"@id\":\"https:\\\/\\\/innovacioncomercio.org\\\/index.php\\\/presentacion\\\/\",\"url\":\"https:\\\/\\\/innovacioncomercio.org\\\/index.php\\\/presentacion\\\/\",\"name\":\"Presentaci\u00f3n - INNOVACION COMERCIO\",\"isPartOf\":{\"@id\":\"https:\\\/\\\/innovacioncomercio.org\\\/#website\"},\"datePublished\":\"2021-02-24T17:45:36+00:00\",\"dateModified\":\"2021-05-04T14:02:43+00:00\",\"breadcrumb\":{\"@id\":\"https:\\\/\\\/innovacioncomercio.org\\\/index.php\\\/presentacion\\\/#breadcrumb\"},\"inLanguage\":\"es\",\"potentialAction\":[{\"@type\":\"ReadAction\",\"target\":[\"https:\\\/\\\/innovacioncomercio.org\\\/index.php\\\/presentacion\\\/\"]}]},{\"@type\":\"BreadcrumbList\",\"@id\":\"https:\\\/\\\/innovacioncomercio.org\\\/index.php\\\/presentacion\\\/#breadcrumb\",\"itemListElement\":[{\"@type\":\"ListItem\",\"position\":1,\"name\":\"Portada\",\"item\":\"https:\\\/\\\/innovacioncomercio.org\\\/\"},{\"@type\":\"ListItem\",\"position\":2,\"name\":\"Presentaci\u00f3n\"}]},{\"@type\":\"WebSite\",\"@id\":\"https:\\\/\\\/innovacioncomercio.org\\\/#website\",\"url\":\"https:\\\/\\\/innovacioncomercio.org\\\/\",\"name\":\"INNOVACION COMERCIO\",\"description\":\"C\u00e1tedra de Innovaci\u00f3n para el Comercio\",\"potentialAction\":[{\"@type\":\"SearchAction\",\"target\":{\"@type\":\"EntryPoint\",\"urlTemplate\":\"https:\\\/\\\/innovacioncomercio.org\\\/?s={search_term_string}\"},\"query-input\":{\"@type\":\"PropertyValueSpecification\",\"valueRequired\":true,\"valueName\":\"search_term_string\"}}],\"inLanguage\":\"es\"}]}<\/script>\n<!-- \/ Yoast SEO Premium plugin. -->","yoast_head_json":{"title":"Presentaci\u00f3n - INNOVACION COMERCIO","robots":{"index":"index","follow":"follow","max-snippet":"max-snippet:-1","max-image-preview":"max-image-preview:large","max-video-preview":"max-video-preview:-1"},"canonical":"https:\/\/innovacioncomercio.org\/index.php\/presentacion\/","og_locale":"es_ES","og_type":"article","og_title":"Presentaci\u00f3n","og_description":"[vc_row][vc_column][vc_custom_heading text=&#8221;PRESENTACI\u00d3N&#8221; font_container=&#8221;tag:h2|text_align:left|color:%23638b8c|line_height:1.25&#8243; google_fonts=&#8221;font_family:Montserrat%3Aregular%2C700|font_style:700%20bold%20regular%3A700%3Anormal&#8221;][vc_column_text]La C\u00e1tedra, ubicada en la Facultad de Comercio de la Universidad de Valladolid, se crea con el objetivo de\u00a0 impulsar la atenci\u00f3n, el estudio y la investigaci\u00f3n cient\u00edfica acerca de la Innovaci\u00f3n en el Comercio, su manifestaciones en el plano nacional, comunitario e internacional, as\u00ed como la importancia de las funciones de","og_url":"https:\/\/innovacioncomercio.org\/index.php\/presentacion\/","og_site_name":"INNOVACION COMERCIO","article_modified_time":"2021-05-04T14:02:43+00:00","twitter_card":"summary_large_image","twitter_misc":{"Tiempo de lectura":"17 minutos"},"schema":{"@context":"https:\/\/schema.org","@graph":[{"@type":"WebPage","@id":"https:\/\/innovacioncomercio.org\/index.php\/presentacion\/","url":"https:\/\/innovacioncomercio.org\/index.php\/presentacion\/","name":"Presentaci\u00f3n - INNOVACION COMERCIO","isPartOf":{"@id":"https:\/\/innovacioncomercio.org\/#website"},"datePublished":"2021-02-24T17:45:36+00:00","dateModified":"2021-05-04T14:02:43+00:00","breadcrumb":{"@id":"https:\/\/innovacioncomercio.org\/index.php\/presentacion\/#breadcrumb"},"inLanguage":"es","potentialAction":[{"@type":"ReadAction","target":["https:\/\/innovacioncomercio.org\/index.php\/presentacion\/"]}]},{"@type":"BreadcrumbList","@id":"https:\/\/innovacioncomercio.org\/index.php\/presentacion\/#breadcrumb","itemListElement":[{"@type":"ListItem","position":1,"name":"Portada","item":"https:\/\/innovacioncomercio.org\/"},{"@type":"ListItem","position":2,"name":"Presentaci\u00f3n"}]},{"@type":"WebSite","@id":"https:\/\/innovacioncomercio.org\/#website","url":"https:\/\/innovacioncomercio.org\/","name":"INNOVACION COMERCIO","description":"C\u00e1tedra de Innovaci\u00f3n para el Comercio","potentialAction":[{"@type":"SearchAction","target":{"@type":"EntryPoint","urlTemplate":"https:\/\/innovacioncomercio.org\/?s={search_term_string}"},"query-input":{"@type":"PropertyValueSpecification","valueRequired":true,"valueName":"search_term_string"}}],"inLanguage":"es"}]}},"_links":{"self":[{"href":"https:\/\/innovacioncomercio.org\/index.php\/wp-json\/wp\/v2\/pages\/1025","targetHints":{"allow":["GET"]}}],"collection":[{"href":"https:\/\/innovacioncomercio.org\/index.php\/wp-json\/wp\/v2\/pages"}],"about":[{"href":"https:\/\/innovacioncomercio.org\/index.php\/wp-json\/wp\/v2\/types\/page"}],"author":[{"embeddable":true,"href":"https:\/\/innovacioncomercio.org\/index.php\/wp-json\/wp\/v2\/users\/1"}],"replies":[{"embeddable":true,"href":"https:\/\/innovacioncomercio.org\/index.php\/wp-json\/wp\/v2\/comments?post=1025"}],"version-history":[{"count":14,"href":"https:\/\/innovacioncomercio.org\/index.php\/wp-json\/wp\/v2\/pages\/1025\/revisions"}],"predecessor-version":[{"id":1599,"href":"https:\/\/innovacioncomercio.org\/index.php\/wp-json\/wp\/v2\/pages\/1025\/revisions\/1599"}],"wp:attachment":[{"href":"https:\/\/innovacioncomercio.org\/index.php\/wp-json\/wp\/v2\/media?parent=1025"}],"curies":[{"name":"wp","href":"https:\/\/api.w.org\/{rel}","templated":true}]}}