{"id":166,"date":"2021-01-27T18:59:51","date_gmt":"2021-01-27T18:59:51","guid":{"rendered":"http:\/\/innovacioncomercio.org\/?page_id=166"},"modified":"2024-05-07T20:33:08","modified_gmt":"2024-05-07T18:33:08","slug":"informes","status":"publish","type":"page","link":"https:\/\/innovacioncomercio.org\/index.php\/informes\/","title":{"rendered":"Informes"},"content":{"rendered":"<div class=\"wpb-content-wrapper\">[vc_row][vc_column][vc_custom_heading text=&#8221;INFORMES&#8221; font_container=&#8221;tag:h2|text_align:left|color:%23638b8c|line_height:1.25&#8243; google_fonts=&#8221;font_family:Montserrat%3Aregular%2C700|font_style:700%20bold%20regular%3A700%3Anormal&#8221;][vc_column_text]Desde la C\u00e1tedra queremos facilitar a nuestros miembros informaci\u00f3n estad\u00edstica sobre el comercio minorista.[\/vc_column_text][\/vc_column][\/vc_row][vc_row disable_element=&#8221;yes&#8221;][vc_column][vc_custom_heading text=&#8221;INFORMES&#8221; font_container=&#8221;tag:h2|text_align:left|color:%23638b8c|line_height:1.25&#8243; google_fonts=&#8221;font_family:Montserrat%3Aregular%2C700|font_style:700%20bold%20regular%3A700%3Anormal&#8221;][vc_column_text]Desde la C\u00e1tedra queremos facilitar a nuestros miembros informaci\u00f3n estad\u00edstica sobre el comercio minorista.<\/p>\n<p>A partir de mayo se publicar\u00e1n informes mensuales de car\u00e1cter coyuntural analizando el \u00cdndice de Comercio Minorista (ICM) sobre la cifra de ventas y el empleo en Espa\u00f1a y en la comunidad de Castilla y Le\u00f3n.[\/vc_column_text][\/vc_column][\/vc_row][vc_row preset=&#8221;mpc_preset_27&#8243; content_preset=&#8221;_mpc_preset_27&#8243;][vc_column animation_in_type=&#8221;transition.fadeIn&#8221; animation_in_offset=&#8221;80&#8243; animation_in_duration=&#8221;1400&#8243; animation_in_delay=&#8221;0&#8243;][vc_empty_space][\/vc_column][vc_column width=&#8221;1\/4&#8243; css=&#8221;.vc_custom_1674214635065{margin-top: 10px !important;margin-bottom: 10px !important;padding-top: 10px !important;padding-right: 10px !important;padding-bottom: 10px !important;padding-left: 10px !important;background-image: url(https:\/\/innovacioncomercio.org\/wp-content\/uploads\/2021\/05\/Imagen_fondo-carperta_3.jpg?id=1572) !important;background-position: center !important;background-repeat: no-repeat !important;background-size: cover !important;border-radius: 10px !important;}&#8221;]<div class=\"aio-icon-component    style_1\"><a class=\"aio-icon-box-link\" href=\"https:\/\/innovacioncomercio.org\/index.php\/indices-de-comercio-minorista\/\" title=\"\u00edndices de comercio minorista\" ><div id=\"Info-box-wrap-8524\" class=\"aio-icon-box top-icon\" style=\"\"  ><div class=\"aio-icon-top\"><div class=\"ult-just-icon-wrapper  \"><div class=\"align-icon\" style=\"text-align:center;\">\n<div class=\"aio-icon circle \"  style=\"color:#638b8c;background:rgba(255,255,255,0.01);font-size:90px;display:inline-block;\">\n\t<i class=\"Defaults-folder-open-o\"><\/i>\n<\/div><\/div><\/div><\/div><div class=\"aio-icon-header\" ><h3 class=\"aio-icon-title ult-responsive\"  data-ultimate-target='#Info-box-wrap-8524 .aio-icon-title'  data-responsive-json-new='{\"font-size\":\"\",\"line-height\":\"\"}'  style=\"font-family:&#039;Montserrat&#039;;font-weight:700;color:#638b8c;\">\u00cdNDICES DE COMERCIO MINORISTA<\/h3><\/div> <!-- header --><\/div> <!-- aio-icon-box --><\/a><\/div> <!-- aio-icon-component -->[\/vc_column][vc_column width=&#8221;1\/4&#8243; css=&#8221;.vc_custom_1674214570698{margin-top: 10px !important;margin-right: 10px !important;margin-bottom: 10px !important;margin-left: 10px !important;padding-top: 10px !important;padding-right: 10px !important;padding-bottom: 10px !important;padding-left: 10px !important;background-image: url(https:\/\/innovacioncomercio.org\/wp-content\/uploads\/2021\/05\/Imagen_fondo-carperta_3.jpg?id=1572) !important;background-position: center !important;background-repeat: no-repeat !important;background-size: cover !important;border-radius: 10px !important;}&#8221;]<div class=\"aio-icon-component    style_1\"><a class=\"aio-icon-box-link\" href=\"https:\/\/innovacioncomercio.org\/index.php\/indice-de-precios-al-consumo-ipc\/\" title=\"\u00edndices de comercio minorista\" ><div id=\"Info-box-wrap-1008\" class=\"aio-icon-box top-icon\" style=\"\"  ><div class=\"aio-icon-top\"><div class=\"ult-just-icon-wrapper  \"><div class=\"align-icon\" style=\"text-align:center;\">\n<div class=\"aio-icon circle \"  style=\"color:#638b8c;background:rgba(255,255,255,0.01);font-size:90px;display:inline-block;\">\n\t<i class=\"Defaults-folder-open-o\"><\/i>\n<\/div><\/div><\/div><\/div><div class=\"aio-icon-header\" ><h3 class=\"aio-icon-title ult-responsive\"  data-ultimate-target='#Info-box-wrap-1008 .aio-icon-title'  data-responsive-json-new='{\"font-size\":\"\",\"line-height\":\"\"}'  style=\"font-family:&#039;Montserrat&#039;;font-weight:700;color:#638b8c;\">\u00cdNDICE DE PRECIOS AL CONSUMO (IPC)<\/h3><\/div> <!-- header --><\/div> <!-- aio-icon-box --><\/a><\/div> <!-- aio-icon-component -->[\/vc_column][vc_column width=&#8221;1\/4&#8243;][\/vc_column][vc_column width=&#8221;1\/4&#8243;][\/vc_column][vc_column][vc_empty_space][\/vc_column][\/vc_row][vc_row disable_element=&#8221;yes&#8221; bg_type=&#8221;bg_color&#8221; bg_override=&#8221;full&#8221; preset=&#8221;mpc_preset_27&#8243; content_preset=&#8221;_mpc_preset_27&#8243; bg_color_value=&#8221;#638b8c&#8221;][vc_column animation_in_type=&#8221;transition.fadeIn&#8221; animation_in_offset=&#8221;80&#8243; animation_in_duration=&#8221;1400&#8243; animation_in_delay=&#8221;0&#8243;][vc_empty_space]<div id=\"mpc_grid_posts_1969f75598d468c\" class=\"mpc-grid-posts mpc-init mpc-init mpc-transition mpc-overlay--fade mpc-item--fade mpc-layout--style_7 mpc-align--bottom-right  \"  data-grid-cols=\"2\"><div class=\"mpc-grid-sizer\"><\/div><div onclick=\"\" class=\"mpc-post\"><div class=\"mpc-post__wrapper\"><div class=\"mpc-post__thumbnail\" data-mpc_src=\"https:\/\/innovacioncomercio.org\/wp-content\/uploads\/2021\/02\/family-shopping-in-the-fruits-section-JLLVJ5N-1024x688.jpg\" data-mpc_link=\"https:\/\/innovacioncomercio.org\/index.php\/2021\/03\/25\/indice-de-ocupacion-del-comercio-al-por-menor\/\"><\/div><div class=\"mpc-post__content mpc-transition\"><h3 class=\"mpc-post__heading mpc-transition mpc-typography--mpc_preset_65\"><a href=\"https:\/\/innovacioncomercio.org\/index.php\/2021\/03\/25\/indice-de-ocupacion-del-comercio-al-por-menor\/\" title=\"\u00cdndice de ocupaci\u00f3n del comercio al por menor\">\u00cdndice de ocupaci\u00f3n del comercio al por menor<\/a><\/h3><div class=\"mpc-post__overlay mpc-transition\"><div class=\"mpc-post--vertical-wrap\"><div class=\"mpc-post--vertical\" data-mpc_link=\"https:\/\/innovacioncomercio.org\/index.php\/2021\/03\/25\/indice-de-ocupacion-del-comercio-al-por-menor\/\"><a href=\"https:\/\/innovacioncomercio.org\/index.php\/2021\/03\/25\/indice-de-ocupacion-del-comercio-al-por-menor\/\" title=\"Read more about \u00cdndice de ocupaci\u00f3n del comercio al por menor\" class=\"mpc-icon-anchor\"><i class=\"mpc-post-overlay__icon mpc-type--readmore mpc-typography--mpc_preset_25\">LEER M\u00c1S<\/i><\/a><\/div><\/div><\/div><\/div><\/div><\/div><div onclick=\"\" class=\"mpc-post\"><div class=\"mpc-post__wrapper\"><div class=\"mpc-post__thumbnail\" data-mpc_src=\"https:\/\/innovacioncomercio.org\/wp-content\/uploads\/2021\/02\/couple-in-jeans-store-VM3ZNGA-1024x683.jpg\" data-mpc_link=\"https:\/\/innovacioncomercio.org\/index.php\/2021\/03\/25\/indice-de-variacioon-mensual-de-ocupacion-sin-estaciones-de-servicio-en-cyl\/\"><\/div><div class=\"mpc-post__content mpc-transition\"><h3 class=\"mpc-post__heading mpc-transition mpc-typography--mpc_preset_65\"><a href=\"https:\/\/innovacioncomercio.org\/index.php\/2021\/03\/25\/indice-de-variacioon-mensual-de-ocupacion-sin-estaciones-de-servicio-en-cyl\/\" title=\"\u00cdndice de variaci\u00f3n mensual de ocupaci\u00f3n sin estaciones de servicio en CyL\">\u00cdndice de variaci\u00f3n mensual de ocupaci\u00f3n sin estaciones de servicio en CyL<\/a><\/h3><div class=\"mpc-post__overlay mpc-transition\"><div class=\"mpc-post--vertical-wrap\"><div class=\"mpc-post--vertical\" data-mpc_link=\"https:\/\/innovacioncomercio.org\/index.php\/2021\/03\/25\/indice-de-variacioon-mensual-de-ocupacion-sin-estaciones-de-servicio-en-cyl\/\"><a href=\"https:\/\/innovacioncomercio.org\/index.php\/2021\/03\/25\/indice-de-variacioon-mensual-de-ocupacion-sin-estaciones-de-servicio-en-cyl\/\" title=\"Read more about \u00cdndice de variaci\u00f3n mensual de ocupaci\u00f3n sin estaciones de servicio en CyL\" class=\"mpc-icon-anchor\"><i class=\"mpc-post-overlay__icon mpc-type--readmore mpc-typography--mpc_preset_25\">LEER M\u00c1S<\/i><\/a><\/div><\/div><\/div><\/div><\/div><\/div><div onclick=\"\" class=\"mpc-post\"><div class=\"mpc-post__wrapper\"><div class=\"mpc-post__thumbnail\" data-mpc_src=\"https:\/\/innovacioncomercio.org\/wp-content\/uploads\/2021\/02\/smartphone-payment-in-grocery-store-UQXQHY9-1024x683.jpg\" data-mpc_link=\"https:\/\/innovacioncomercio.org\/index.php\/2021\/03\/25\/indice-de-variacion-mensual-por-tipo-de-productos\/\"><\/div><div class=\"mpc-post__content mpc-transition\"><h3 class=\"mpc-post__heading mpc-transition mpc-typography--mpc_preset_65\"><a href=\"https:\/\/innovacioncomercio.org\/index.php\/2021\/03\/25\/indice-de-variacion-mensual-por-tipo-de-productos\/\" title=\"\u00cdndice de Variaci\u00f3n mensual por tipo de productos\">\u00cdndice de Variaci\u00f3n mensual por tipo de productos<\/a><\/h3><div class=\"mpc-post__overlay mpc-transition\"><div class=\"mpc-post--vertical-wrap\"><div class=\"mpc-post--vertical\" data-mpc_link=\"https:\/\/innovacioncomercio.org\/index.php\/2021\/03\/25\/indice-de-variacion-mensual-por-tipo-de-productos\/\"><a href=\"https:\/\/innovacioncomercio.org\/index.php\/2021\/03\/25\/indice-de-variacion-mensual-por-tipo-de-productos\/\" title=\"Read more about \u00cdndice de Variaci\u00f3n mensual por tipo de productos\" class=\"mpc-icon-anchor\"><i class=\"mpc-post-overlay__icon mpc-type--readmore mpc-typography--mpc_preset_25\">LEER M\u00c1S<\/i><\/a><\/div><\/div><\/div><\/div><\/div><\/div><div onclick=\"\" class=\"mpc-post\"><div class=\"mpc-post__wrapper\"><div class=\"mpc-post__thumbnail\" data-mpc_src=\"https:\/\/innovacioncomercio.org\/wp-content\/uploads\/2021\/02\/men-standing-in-clothing-store-9QUZCGS-1024x683.jpg\" data-mpc_link=\"https:\/\/innovacioncomercio.org\/index.php\/2021\/03\/25\/indice-general-del-comercio-al-por-menor\/\"><\/div><div class=\"mpc-post__content mpc-transition\"><h3 class=\"mpc-post__heading mpc-transition mpc-typography--mpc_preset_65\"><a href=\"https:\/\/innovacioncomercio.org\/index.php\/2021\/03\/25\/indice-general-del-comercio-al-por-menor\/\" title=\"\u00cdndice general del comercio al por menor\">\u00cdndice general del comercio al por menor<\/a><\/h3><div class=\"mpc-post__overlay mpc-transition\"><div class=\"mpc-post--vertical-wrap\"><div class=\"mpc-post--vertical\" data-mpc_link=\"https:\/\/innovacioncomercio.org\/index.php\/2021\/03\/25\/indice-general-del-comercio-al-por-menor\/\"><a href=\"https:\/\/innovacioncomercio.org\/index.php\/2021\/03\/25\/indice-general-del-comercio-al-por-menor\/\" title=\"Read more about \u00cdndice general del comercio al por menor\" class=\"mpc-icon-anchor\"><i class=\"mpc-post-overlay__icon mpc-type--readmore mpc-typography--mpc_preset_25\">LEER M\u00c1S<\/i><\/a><\/div><\/div><\/div><\/div><\/div><\/div><\/div><script type=\"text\/javascript\">var _mpc_grid_posts_1969f75598d468c_atts = {\"cols\":\"2\",\"gap\":\"10\",\"taxonomies\":\"4\",\"layout\":\"style_7\",\"content_position\":\"bottom-right\",\"thumb_height\":\"300\",\"title_overflow\":\"true\",\"title_font_preset\":\"mpc_preset_65\",\"title_font_color\":\"#638b8c\",\"title_font_size\":\"16\",\"title_font_line_height\":\"1.5\",\"title_font_transform\":\"uppercase\",\"title_font_align\":\"center\",\"meta_layout\":\"\",\"meta_font_preset\":\"mpc_preset_1\",\"meta_font_color\":\"#888888\",\"meta_font_size\":\"12\",\"meta_font_line_height\":\"1.5\",\"meta_font_transform\":\"none\",\"meta_font_align\":\"center\",\"meta_link_color\":\"#b39a68\",\"date_font_preset\":\"mpc_preset_1\",\"date_font_color\":\"#777777\",\"date_font_size\":\"12\",\"date_font_line_height\":\"1.5\",\"date_font_align\":\"center\",\"description_font_preset\":\"mpc_preset_1\",\"description_font_color\":\"#888888\",\"description_font_size\":\"12\",\"description_font_line_height\":\"1.7\",\"description_font_align\":\"left\",\"background_color\":\"#ffffff\",\"border_css\":\"border-radius:0px;\",\"padding_divider\":\"true\",\"padding_css\":\"padding-top:15px;padding-right:20px;padding-bottom:15px;padding-left:20px;\",\"overlay_color\":\"#638b8c\",\"lightbox_disable\":\"true\",\"lightbox_icon\":\"etl etl-focus\",\"lightbox_icon_color\":\"#333333\",\"lightbox_icon_size\":\"32\",\"readmore_icon_type\":\"character\",\"readmore_icon_preset\":\"mpc_preset_25\",\"readmore_icon_character\":\"LEER M\\u00c1S\",\"readmore_icon_color\":\"#ffffff\",\"readmore_icon_size\":\"16\",\"hover_readmore_color\":\"#f2f2f2\",\"mpc_button__mpc_tooltip__border_divider\":\"true\",\"mpc_button__mpc_tooltip__padding_divider\":\"true\",\"mpc_pagination__preset\":\"mpc_preset_2\",\"mpc_pagination__mpc_tooltip__border_divider\":\"true\",\"mpc_pagination__mpc_tooltip__border_css\":\"border-color:undefined;border-style:undefined;\",\"mpc_pagination__mpc_tooltip__padding_divider\":\"true\",\"mpc_pagination__mpc_tooltip__padding_unit\":\"\"}, _mpc_grid_posts_1969f75598d468c_query = {\"post_type\":\"post\",\"taxonomies\":\"4\",\"ids\":\"\",\"order\":\"ASC\",\"include_exclude_type\":\"include\",\"orderby\":\"date\",\"items_number\":\"6\",\"target\":\"mpc_grid_posts_1969f75598d468c\",\"callback\":\"MPC_Grid_Posts\"};<\/script>[vc_empty_space][\/vc_column][\/vc_row][vc_row][vc_column][vc_column_text]\n<p style=\"text-align: center;\">Para poder acceder a informes actualizados mensualmente, \u00fanase a la Red C\u00e1tedra.<\/p>\n<p style=\"text-align: center;\"><a href=\"https:\/\/innovacioncomercio.org\/index.php\/unete\/\" target=\"_self\" class=\"button primary is-primary is-medium\"  >\n    <span>\u00danete ya<\/span>\n  <\/a>\n\n[\/vc_column_text][\/vc_column][\/vc_row]\n<\/div>","protected":false},"excerpt":{"rendered":"[vc_row][vc_column][vc_custom_heading text=&#8221;INFORMES&#8221; font_container=&#8221;tag:h2|text_align:left|color:%23638b8c|line_height:1.25&#8243; google_fonts=&#8221;font_family:Montserrat%3Aregular%2C700|font_style:700%20bold%20regular%3A700%3Anormal&#8221;][vc_column_text]Desde la C\u00e1tedra queremos facilitar a nuestros miembros informaci\u00f3n estad\u00edstica sobre el comercio minorista.[\/vc_column_text][\/vc_column][\/vc_row][vc_row disable_element=&#8221;yes&#8221;][vc_column][vc_custom_heading text=&#8221;INFORMES&#8221; font_container=&#8221;tag:h2|text_align:left|color:%23638b8c|line_height:1.25&#8243; google_fonts=&#8221;font_family:Montserrat%3Aregular%2C700|font_style:700%20bold%20regular%3A700%3Anormal&#8221;][vc_column_text]Desde la C\u00e1tedra queremos facilitar a nuestros miembros informaci\u00f3n estad\u00edstica sobre el comercio minorista. A partir de mayo se publicar\u00e1n informes mensuales de car\u00e1cter coyuntural analizando el \u00cdndice de Comercio Minorista (ICM) sobre la cifra<\/p>\n","protected":false},"author":1,"featured_media":0,"parent":0,"menu_order":0,"comment_status":"closed","ping_status":"closed","template":"","meta":{"_bbp_topic_count":0,"_bbp_reply_count":0,"_bbp_total_topic_count":0,"_bbp_total_reply_count":0,"_bbp_voice_count":0,"_bbp_anonymous_reply_count":0,"_bbp_topic_count_hidden":0,"_bbp_reply_count_hidden":0,"_bbp_forum_subforum_count":0,"content-type":"","footnotes":""},"class_list":["post-166","page","type-page","status-publish","hentry"],"yoast_head":"<!-- This site is optimized with the Yoast SEO Premium plugin v19.2.1 (Yoast SEO v27.5) - https:\/\/yoast.com\/product\/yoast-seo-premium-wordpress\/ -->\n<title>Informes - INNOVACION COMERCIO<\/title>\n<meta name=\"robots\" content=\"index, follow, max-snippet:-1, max-image-preview:large, max-video-preview:-1\" \/>\n<link rel=\"canonical\" href=\"https:\/\/innovacioncomercio.org\/index.php\/informes\/\" \/>\n<meta property=\"og:locale\" content=\"es_ES\" \/>\n<meta property=\"og:type\" content=\"article\" \/>\n<meta property=\"og:title\" content=\"Informes\" \/>\n<meta property=\"og:description\" content=\"[vc_row][vc_column][vc_custom_heading text=&#8221;INFORMES&#8221; font_container=&#8221;tag:h2|text_align:left|color:%23638b8c|line_height:1.25&#8243; google_fonts=&#8221;font_family:Montserrat%3Aregular%2C700|font_style:700%20bold%20regular%3A700%3Anormal&#8221;][vc_column_text]Desde la C\u00e1tedra queremos facilitar a nuestros miembros informaci\u00f3n estad\u00edstica sobre el comercio minorista.[\/vc_column_text][\/vc_column][\/vc_row][vc_row disable_element=&#8221;yes&#8221;][vc_column][vc_custom_heading text=&#8221;INFORMES&#8221; font_container=&#8221;tag:h2|text_align:left|color:%23638b8c|line_height:1.25&#8243; google_fonts=&#8221;font_family:Montserrat%3Aregular%2C700|font_style:700%20bold%20regular%3A700%3Anormal&#8221;][vc_column_text]Desde la C\u00e1tedra queremos facilitar a nuestros miembros informaci\u00f3n estad\u00edstica sobre el comercio minorista. A partir de mayo se publicar\u00e1n informes mensuales de car\u00e1cter coyuntural analizando el \u00cdndice de Comercio Minorista (ICM) sobre la cifra\" \/>\n<meta property=\"og:url\" content=\"https:\/\/innovacioncomercio.org\/index.php\/informes\/\" \/>\n<meta property=\"og:site_name\" content=\"INNOVACION COMERCIO\" \/>\n<meta property=\"article:modified_time\" content=\"2024-05-07T18:33:08+00:00\" \/>\n<meta name=\"twitter:card\" content=\"summary_large_image\" \/>\n<meta name=\"twitter:label1\" content=\"Tiempo de lectura\" \/>\n\t<meta name=\"twitter:data1\" content=\"2 minutos\" \/>\n<script type=\"application\/ld+json\" class=\"yoast-schema-graph\">{\"@context\":\"https:\\\/\\\/schema.org\",\"@graph\":[{\"@type\":\"WebPage\",\"@id\":\"https:\\\/\\\/innovacioncomercio.org\\\/index.php\\\/informes\\\/\",\"url\":\"https:\\\/\\\/innovacioncomercio.org\\\/index.php\\\/informes\\\/\",\"name\":\"Informes - INNOVACION COMERCIO\",\"isPartOf\":{\"@id\":\"https:\\\/\\\/innovacioncomercio.org\\\/#website\"},\"datePublished\":\"2021-01-27T18:59:51+00:00\",\"dateModified\":\"2024-05-07T18:33:08+00:00\",\"breadcrumb\":{\"@id\":\"https:\\\/\\\/innovacioncomercio.org\\\/index.php\\\/informes\\\/#breadcrumb\"},\"inLanguage\":\"es\",\"potentialAction\":[{\"@type\":\"ReadAction\",\"target\":[\"https:\\\/\\\/innovacioncomercio.org\\\/index.php\\\/informes\\\/\"]}]},{\"@type\":\"BreadcrumbList\",\"@id\":\"https:\\\/\\\/innovacioncomercio.org\\\/index.php\\\/informes\\\/#breadcrumb\",\"itemListElement\":[{\"@type\":\"ListItem\",\"position\":1,\"name\":\"Portada\",\"item\":\"https:\\\/\\\/innovacioncomercio.org\\\/\"},{\"@type\":\"ListItem\",\"position\":2,\"name\":\"Informes\"}]},{\"@type\":\"WebSite\",\"@id\":\"https:\\\/\\\/innovacioncomercio.org\\\/#website\",\"url\":\"https:\\\/\\\/innovacioncomercio.org\\\/\",\"name\":\"INNOVACION COMERCIO\",\"description\":\"C\u00e1tedra de Innovaci\u00f3n para el Comercio\",\"potentialAction\":[{\"@type\":\"SearchAction\",\"target\":{\"@type\":\"EntryPoint\",\"urlTemplate\":\"https:\\\/\\\/innovacioncomercio.org\\\/?s={search_term_string}\"},\"query-input\":{\"@type\":\"PropertyValueSpecification\",\"valueRequired\":true,\"valueName\":\"search_term_string\"}}],\"inLanguage\":\"es\"}]}<\/script>\n<!-- \/ Yoast SEO Premium plugin. -->","yoast_head_json":{"title":"Informes - INNOVACION COMERCIO","robots":{"index":"index","follow":"follow","max-snippet":"max-snippet:-1","max-image-preview":"max-image-preview:large","max-video-preview":"max-video-preview:-1"},"canonical":"https:\/\/innovacioncomercio.org\/index.php\/informes\/","og_locale":"es_ES","og_type":"article","og_title":"Informes","og_description":"[vc_row][vc_column][vc_custom_heading text=&#8221;INFORMES&#8221; font_container=&#8221;tag:h2|text_align:left|color:%23638b8c|line_height:1.25&#8243; google_fonts=&#8221;font_family:Montserrat%3Aregular%2C700|font_style:700%20bold%20regular%3A700%3Anormal&#8221;][vc_column_text]Desde la C\u00e1tedra queremos facilitar a nuestros miembros informaci\u00f3n estad\u00edstica sobre el comercio minorista.[\/vc_column_text][\/vc_column][\/vc_row][vc_row disable_element=&#8221;yes&#8221;][vc_column][vc_custom_heading text=&#8221;INFORMES&#8221; font_container=&#8221;tag:h2|text_align:left|color:%23638b8c|line_height:1.25&#8243; google_fonts=&#8221;font_family:Montserrat%3Aregular%2C700|font_style:700%20bold%20regular%3A700%3Anormal&#8221;][vc_column_text]Desde la C\u00e1tedra queremos facilitar a nuestros miembros informaci\u00f3n estad\u00edstica sobre el comercio minorista. A partir de mayo se publicar\u00e1n informes mensuales de car\u00e1cter coyuntural analizando el \u00cdndice de Comercio Minorista (ICM) sobre la cifra","og_url":"https:\/\/innovacioncomercio.org\/index.php\/informes\/","og_site_name":"INNOVACION COMERCIO","article_modified_time":"2024-05-07T18:33:08+00:00","twitter_card":"summary_large_image","twitter_misc":{"Tiempo de lectura":"2 minutos"},"schema":{"@context":"https:\/\/schema.org","@graph":[{"@type":"WebPage","@id":"https:\/\/innovacioncomercio.org\/index.php\/informes\/","url":"https:\/\/innovacioncomercio.org\/index.php\/informes\/","name":"Informes - INNOVACION COMERCIO","isPartOf":{"@id":"https:\/\/innovacioncomercio.org\/#website"},"datePublished":"2021-01-27T18:59:51+00:00","dateModified":"2024-05-07T18:33:08+00:00","breadcrumb":{"@id":"https:\/\/innovacioncomercio.org\/index.php\/informes\/#breadcrumb"},"inLanguage":"es","potentialAction":[{"@type":"ReadAction","target":["https:\/\/innovacioncomercio.org\/index.php\/informes\/"]}]},{"@type":"BreadcrumbList","@id":"https:\/\/innovacioncomercio.org\/index.php\/informes\/#breadcrumb","itemListElement":[{"@type":"ListItem","position":1,"name":"Portada","item":"https:\/\/innovacioncomercio.org\/"},{"@type":"ListItem","position":2,"name":"Informes"}]},{"@type":"WebSite","@id":"https:\/\/innovacioncomercio.org\/#website","url":"https:\/\/innovacioncomercio.org\/","name":"INNOVACION COMERCIO","description":"C\u00e1tedra de Innovaci\u00f3n para el Comercio","potentialAction":[{"@type":"SearchAction","target":{"@type":"EntryPoint","urlTemplate":"https:\/\/innovacioncomercio.org\/?s={search_term_string}"},"query-input":{"@type":"PropertyValueSpecification","valueRequired":true,"valueName":"search_term_string"}}],"inLanguage":"es"}]}},"_links":{"self":[{"href":"https:\/\/innovacioncomercio.org\/index.php\/wp-json\/wp\/v2\/pages\/166","targetHints":{"allow":["GET"]}}],"collection":[{"href":"https:\/\/innovacioncomercio.org\/index.php\/wp-json\/wp\/v2\/pages"}],"about":[{"href":"https:\/\/innovacioncomercio.org\/index.php\/wp-json\/wp\/v2\/types\/page"}],"author":[{"embeddable":true,"href":"https:\/\/innovacioncomercio.org\/index.php\/wp-json\/wp\/v2\/users\/1"}],"replies":[{"embeddable":true,"href":"https:\/\/innovacioncomercio.org\/index.php\/wp-json\/wp\/v2\/comments?post=166"}],"version-history":[{"count":31,"href":"https:\/\/innovacioncomercio.org\/index.php\/wp-json\/wp\/v2\/pages\/166\/revisions"}],"predecessor-version":[{"id":4072,"href":"https:\/\/innovacioncomercio.org\/index.php\/wp-json\/wp\/v2\/pages\/166\/revisions\/4072"}],"wp:attachment":[{"href":"https:\/\/innovacioncomercio.org\/index.php\/wp-json\/wp\/v2\/media?parent=166"}],"curies":[{"name":"wp","href":"https:\/\/api.w.org\/{rel}","templated":true}]}}